{"id":259,"date":"2022-03-18T15:37:03","date_gmt":"2022-03-18T14:37:03","guid":{"rendered":"https:\/\/www.as-ugine.fr\/?page_id=259"},"modified":"2024-09-23T17:03:05","modified_gmt":"2024-09-23T15:03:05","slug":"u7","status":"publish","type":"page","link":"https:\/\/www.as-ugine.fr\/index.php\/u7\/","title":{"rendered":"U7\/U6"},"content":{"rendered":"<div class=\"wp-block-image\">\n<figure class=\"aligncenter size-full is-resized\"><img loading=\"lazy\" decoding=\"async\" src=\"https:\/\/www.as-ugine.fr\/wp-content\/uploads\/2023\/03\/U7190323StPierre.jpg\" alt=\"\" class=\"wp-image-1427\" width=\"949\" height=\"711\" srcset=\"https:\/\/www.as-ugine.fr\/wp-content\/uploads\/2023\/03\/U7190323StPierre.jpg 1600w, https:\/\/www.as-ugine.fr\/wp-content\/uploads\/2023\/03\/U7190323StPierre-267x200.jpg 267w, https:\/\/www.as-ugine.fr\/wp-content\/uploads\/2023\/03\/U7190323StPierre-909x682.jpg 909w, https:\/\/www.as-ugine.fr\/wp-content\/uploads\/2023\/03\/U7190323StPierre-150x113.jpg 150w, https:\/\/www.as-ugine.fr\/wp-content\/uploads\/2023\/03\/U7190323StPierre-768x576.jpg 768w, https:\/\/www.as-ugine.fr\/wp-content\/uploads\/2023\/03\/U7190323StPierre-1536x1152.jpg 1536w, https:\/\/www.as-ugine.fr\/wp-content\/uploads\/2023\/03\/U7190323StPierre-80x60.jpg 80w\" sizes=\"auto, (max-width: 949px) 100vw, 949px\" \/><\/figure>\n<\/div>\n\n\n<h2 class=\"has-vivid-red-color has-text-color wp-block-heading\">Tournoi Futsal U6\/U7 Saint-pierre d&rsquo;Albigny &#8211; Samedi 4 F\u00e9vrier 2023<\/h2>\n\n\n\n<hr class=\"wp-block-separator has-text-color has-vivid-red-color has-alpha-channel-opacity has-vivid-red-background-color has-background\"\/>\n\n\n\n<div class=\"wp-block-media-text alignwide is-stacked-on-mobile\"><figure class=\"wp-block-media-text__media\"><img decoding=\"async\" src=\"https:\/\/www.as-ugine.fr\/wp-content\/uploads\/2023\/02\/plateauSalleU6U7StPierre1-512x682.jpg\" alt=\"\" class=\"wp-image-996 size-full\"\/><\/figure><div class=\"wp-block-media-text__content\">\n<p>Samedi 4 f\u00e9vrier 2023, Nos U6\/U7 se sont d\u00e9plac\u00e9s \u00e0 Saint-Pierre d\u2019Albigny pour un tournoi de futsal. <img loading=\"lazy\" decoding=\"async\" height=\"16\" width=\"16\" alt=\"\u26bd\" src=\"https:\/\/static.xx.fbcdn.net\/images\/emoji.php\/v9\/t30\/2\/16\/26bd.png\"><img loading=\"lazy\" decoding=\"async\" height=\"16\" width=\"16\" alt=\"\u26bd\" src=\"https:\/\/static.xx.fbcdn.net\/images\/emoji.php\/v9\/t30\/2\/16\/26bd.png\"><img loading=\"lazy\" decoding=\"async\" height=\"16\" width=\"16\" alt=\"\u26bd\" src=\"https:\/\/static.xx.fbcdn.net\/images\/emoji.php\/v9\/t30\/2\/16\/26bd.png\"><\/p>\n\n\n\n<p>Nos petits se sont bien d\u00e9brouill\u00e9s et ont bien port\u00e9 les couleurs de notre club.<\/p>\n\n\n\n<p>Le tournoi s\u2019est termin\u00e9 par un petit match opposant les entra\u00eeneurs. <img loading=\"lazy\" decoding=\"async\" height=\"16\" width=\"16\" alt=\"\ud83d\ude42\" src=\"https:\/\/static.xx.fbcdn.net\/images\/emoji.php\/v9\/teb\/2\/16\/1f642.png\"><\/p>\n\n\n\n<p>Merci \u00e0 Saint-pierre football pour leur accueil <img loading=\"lazy\" decoding=\"async\" height=\"16\" width=\"16\" src=\"https:\/\/static.xx.fbcdn.net\/images\/emoji.php\/v9\/t1f\/2\/16\/1f64f.png\" alt=\"\ud83d\ude4f\"><img loading=\"lazy\" decoding=\"async\" height=\"16\" width=\"16\" src=\"https:\/\/static.xx.fbcdn.net\/images\/emoji.php\/v9\/t1f\/2\/16\/1f64f.png\" alt=\"\ud83d\ude4f\"><img loading=\"lazy\" decoding=\"async\" height=\"16\" width=\"16\" src=\"https:\/\/static.xx.fbcdn.net\/images\/emoji.php\/v9\/t1f\/2\/16\/1f64f.png\" alt=\"\ud83d\ude4f\"><\/p>\n<\/div><\/div>\n","protected":false},"excerpt":{"rendered":"<p>Tournoi Futsal U6\/U7 Saint-pierre d&rsquo;Albigny &#8211; Samedi 4 F\u00e9vrier 2023 Samedi 4 f\u00e9vrier 2023, Nos U6\/U7 se sont d\u00e9plac\u00e9s \u00e0 Saint-Pierre d\u2019Albigny pour un tournoi &hellip; <\/p>\n","protected":false},"author":1,"featured_media":0,"parent":0,"menu_order":0,"comment_status":"closed","ping_status":"closed","template":"","meta":{"footnotes":""},"categories":[],"tags":[],"class_list":["post-259","page","type-page","status-publish","hentry","latest_post"],"_links":{"self":[{"href":"https:\/\/www.as-ugine.fr\/index.php\/wp-json\/wp\/v2\/pages\/259","targetHints":{"allow":["GET"]}}],"collection":[{"href":"https:\/\/www.as-ugine.fr\/index.php\/wp-json\/wp\/v2\/pages"}],"about":[{"href":"https:\/\/www.as-ugine.fr\/index.php\/wp-json\/wp\/v2\/types\/page"}],"author":[{"embeddable":true,"href":"https:\/\/www.as-ugine.fr\/index.php\/wp-json\/wp\/v2\/users\/1"}],"replies":[{"embeddable":true,"href":"https:\/\/www.as-ugine.fr\/index.php\/wp-json\/wp\/v2\/comments?post=259"}],"version-history":[{"count":7,"href":"https:\/\/www.as-ugine.fr\/index.php\/wp-json\/wp\/v2\/pages\/259\/revisions"}],"predecessor-version":[{"id":2140,"href":"https:\/\/www.as-ugine.fr\/index.php\/wp-json\/wp\/v2\/pages\/259\/revisions\/2140"}],"wp:attachment":[{"href":"https:\/\/www.as-ugine.fr\/index.php\/wp-json\/wp\/v2\/media?parent=259"}],"wp:term":[{"taxonomy":"category","embeddable":true,"href":"https:\/\/www.as-ugine.fr\/index.php\/wp-json\/wp\/v2\/categories?post=259"},{"taxonomy":"post_tag","embeddable":true,"href":"https:\/\/www.as-ugine.fr\/index.php\/wp-json\/wp\/v2\/tags?post=259"}],"curies":[{"name":"wp","href":"https:\/\/api.w.org\/{rel}","templated":true}]}}